{"id":5637,"date":"2021-03-12T16:01:07","date_gmt":"2021-03-12T22:01:07","guid":{"rendered":"http:\/\/losperiodistas.com.mx\/portal\/?page_id=5637"},"modified":"2021-03-12T16:03:42","modified_gmt":"2021-03-12T22:03:42","slug":"fernando-manzanilla","status":"publish","type":"page","link":"https:\/\/losperiodistas.com.mx\/portal\/fernando-manzanilla\/","title":{"rendered":"FERNANDO MANZANILLA"},"content":{"rendered":"\t\t<div data-elementor-type=\"wp-page\" data-elementor-id=\"5637\" class=\"elementor elementor-5637\">\n\t\t\t\t\t\t<section class=\"elementor-section elementor-top-section elementor-element elementor-element-3bed788 elementor-section-full_width elementor-section-height-default elementor-section-height-default\" data-id=\"3bed788\" data-element_type=\"section\" data-settings=\"{&quot;background_background&quot;:&quot;classic&quot;}\">\n\t\t\t\t\t\t<div class=\"elementor-container elementor-column-gap-no\">\n\t\t\t\t\t<div class=\"elementor-column elementor-col-100 elementor-top-column elementor-element elementor-element-3a64b18\" data-id=\"3a64b18\" data-element_type=\"column\">\n\t\t\t<div class=\"elementor-widget-wrap elementor-element-populated\">\n\t\t\t\t\t\t<div class=\"elementor-element elementor-element-1438562 elementor-widget elementor-widget-heading\" data-id=\"1438562\" data-element_type=\"widget\" data-widget_type=\"heading.default\">\n\t\t\t\t<div class=\"elementor-widget-container\">\n\t\t\t\t\t<h2 class=\"elementor-heading-title elementor-size-default\">FERNANDO MANZANILLA<\/h2>\t\t\t\t<\/div>\n\t\t\t\t<\/div>\n\t\t\t\t\t<\/div>\n\t\t<\/div>\n\t\t\t\t\t<\/div>\n\t\t<\/section>\n\t\t\t\t<section class=\"elementor-section elementor-top-section elementor-element elementor-element-51b9141 elementor-section-boxed elementor-section-height-default elementor-section-height-default\" data-id=\"51b9141\" data-element_type=\"section\">\n\t\t\t\t\t\t<div class=\"elementor-container elementor-column-gap-default\">\n\t\t\t\t\t<div class=\"elementor-column elementor-col-100 elementor-top-column elementor-element elementor-element-bd25254\" data-id=\"bd25254\" data-element_type=\"column\">\n\t\t\t<div class=\"elementor-widget-wrap elementor-element-populated\">\n\t\t\t\t\t\t<div class=\"elementor-element elementor-element-99aebee elementor-widget elementor-widget-shortcode\" data-id=\"99aebee\" data-element_type=\"widget\" data-widget_type=\"shortcode.default\">\n\t\t\t\t<div class=\"elementor-widget-container\">\n\t\t\t\t\t\t\t<div class=\"elementor-shortcode\"><div class=\"pt-cv-wrapper\"><div class=\"pt-cv-view pt-cv-grid pt-cv-colsys\" id=\"pt-cv-view-38f0107hmg\"><div data-id=\"pt-cv-page-1\" class=\"pt-cv-page\" data-cvc=\"3\"><div class=\"col-md-4 col-sm-6 col-xs-6 pt-cv-content-item pt-cv-1-col\" ><div class='pt-cv-ifield'><a href=\"https:\/\/losperiodistas.com.mx\/portal\/opinion-las-olimpiadas-y-el-fomento-al-deporte-en-las-naciones\/\" class=\"_self pt-cv-href-thumbnail pt-cv-thumb-default\" target=\"_self\" ><img fetchpriority=\"high\" decoding=\"async\" width=\"300\" height=\"300\" src=\"https:\/\/losperiodistas.com.mx\/portal\/wp-content\/uploads\/2024\/04\/WhatsApp-Image-2023-07-27-at-16.30.41-1-300x300.jpeg\" class=\"pt-cv-thumbnail\" alt=\"\" srcset=\"https:\/\/losperiodistas.com.mx\/portal\/wp-content\/uploads\/2024\/04\/WhatsApp-Image-2023-07-27-at-16.30.41-1-300x300.jpeg 300w, https:\/\/losperiodistas.com.mx\/portal\/wp-content\/uploads\/2024\/04\/WhatsApp-Image-2023-07-27-at-16.30.41-1-150x150.jpeg 150w, https:\/\/losperiodistas.com.mx\/portal\/wp-content\/uploads\/2024\/04\/WhatsApp-Image-2023-07-27-at-16.30.41-1-768x770.jpeg 768w, https:\/\/losperiodistas.com.mx\/portal\/wp-content\/uploads\/2024\/04\/WhatsApp-Image-2023-07-27-at-16.30.41-1.jpeg 958w\" sizes=\"(max-width: 300px) 100vw, 300px\" \/><\/a>\n<h4 class=\"pt-cv-title\"><a href=\"https:\/\/losperiodistas.com.mx\/portal\/opinion-las-olimpiadas-y-el-fomento-al-deporte-en-las-naciones\/\" class=\"_self\" target=\"_self\" >Opini\u00f3n | Las Olimpiadas y el fomento al deporte en las naciones<\/a><\/h4>\n<div class=\"pt-cv-content\">Por Fernando Manzanilla Prieto A finales de esta semana se inaugurar\u00e1 uno de los eventos deportivos ...<br \/><div class=\"pt-cv-rmwrap\"><a href=\"https:\/\/losperiodistas.com.mx\/portal\/opinion-las-olimpiadas-y-el-fomento-al-deporte-en-las-naciones\/\" class=\"_self pt-cv-readmore btn btn-success\" target=\"_self\">Leer M\u00e1s<\/a><\/div><\/div><\/div><\/div>\n<div class=\"col-md-4 col-sm-6 col-xs-6 pt-cv-content-item pt-cv-1-col\" ><div class='pt-cv-ifield'><a href=\"https:\/\/losperiodistas.com.mx\/portal\/opinion-nuevas-habilidades-de-la-juventud\/\" class=\"_self pt-cv-href-thumbnail pt-cv-thumb-default\" target=\"_self\" ><img fetchpriority=\"high\" decoding=\"async\" width=\"300\" height=\"300\" src=\"https:\/\/losperiodistas.com.mx\/portal\/wp-content\/uploads\/2024\/04\/WhatsApp-Image-2023-07-27-at-16.30.41-1-300x300.jpeg\" class=\"pt-cv-thumbnail\" alt=\"\" srcset=\"https:\/\/losperiodistas.com.mx\/portal\/wp-content\/uploads\/2024\/04\/WhatsApp-Image-2023-07-27-at-16.30.41-1-300x300.jpeg 300w, https:\/\/losperiodistas.com.mx\/portal\/wp-content\/uploads\/2024\/04\/WhatsApp-Image-2023-07-27-at-16.30.41-1-150x150.jpeg 150w, https:\/\/losperiodistas.com.mx\/portal\/wp-content\/uploads\/2024\/04\/WhatsApp-Image-2023-07-27-at-16.30.41-1-768x770.jpeg 768w, https:\/\/losperiodistas.com.mx\/portal\/wp-content\/uploads\/2024\/04\/WhatsApp-Image-2023-07-27-at-16.30.41-1.jpeg 958w\" sizes=\"(max-width: 300px) 100vw, 300px\" \/><\/a>\n<h4 class=\"pt-cv-title\"><a href=\"https:\/\/losperiodistas.com.mx\/portal\/opinion-nuevas-habilidades-de-la-juventud\/\" class=\"_self\" target=\"_self\" >Opini\u00f3n | Nuevas habilidades de la juventud<\/a><\/h4>\n<div class=\"pt-cv-content\">Por Fernando Manzanilla Prieto \/ @Fer_Manzanilla En unos d\u00edas, el 15 de julio, se celebrar\u00e1 el ...<br \/><div class=\"pt-cv-rmwrap\"><a href=\"https:\/\/losperiodistas.com.mx\/portal\/opinion-nuevas-habilidades-de-la-juventud\/\" class=\"_self pt-cv-readmore btn btn-success\" target=\"_self\">Leer M\u00e1s<\/a><\/div><\/div><\/div><\/div>\n<div class=\"col-md-4 col-sm-6 col-xs-6 pt-cv-content-item pt-cv-1-col\" ><div class='pt-cv-ifield'><a href=\"https:\/\/losperiodistas.com.mx\/portal\/opinion-la-reforestacion-urbana-clave-para-el-futuro-de-puebla\/\" class=\"_self pt-cv-href-thumbnail pt-cv-thumb-default\" target=\"_self\" ><img fetchpriority=\"high\" decoding=\"async\" width=\"300\" height=\"300\" src=\"https:\/\/losperiodistas.com.mx\/portal\/wp-content\/uploads\/2024\/04\/WhatsApp-Image-2023-07-27-at-16.30.41-1-300x300.jpeg\" class=\"pt-cv-thumbnail\" alt=\"\" srcset=\"https:\/\/losperiodistas.com.mx\/portal\/wp-content\/uploads\/2024\/04\/WhatsApp-Image-2023-07-27-at-16.30.41-1-300x300.jpeg 300w, https:\/\/losperiodistas.com.mx\/portal\/wp-content\/uploads\/2024\/04\/WhatsApp-Image-2023-07-27-at-16.30.41-1-150x150.jpeg 150w, https:\/\/losperiodistas.com.mx\/portal\/wp-content\/uploads\/2024\/04\/WhatsApp-Image-2023-07-27-at-16.30.41-1-768x770.jpeg 768w, https:\/\/losperiodistas.com.mx\/portal\/wp-content\/uploads\/2024\/04\/WhatsApp-Image-2023-07-27-at-16.30.41-1.jpeg 958w\" sizes=\"(max-width: 300px) 100vw, 300px\" \/><\/a>\n<h4 class=\"pt-cv-title\"><a href=\"https:\/\/losperiodistas.com.mx\/portal\/opinion-la-reforestacion-urbana-clave-para-el-futuro-de-puebla\/\" class=\"_self\" target=\"_self\" >Opini\u00f3n | La reforestaci\u00f3n urbana, clave\u00a0para el futuro de Puebla<\/a><\/h4>\n<div class=\"pt-cv-content\">Por Fernando Manzanilla Prieto Las ciudades enfrentan desaf\u00edos ambientales significativos y la reforestaci\u00f3n urbana se presenta ...<br \/><div class=\"pt-cv-rmwrap\"><a href=\"https:\/\/losperiodistas.com.mx\/portal\/opinion-la-reforestacion-urbana-clave-para-el-futuro-de-puebla\/\" class=\"_self pt-cv-readmore btn btn-success\" target=\"_self\">Leer M\u00e1s<\/a><\/div><\/div><\/div><\/div>\n<div class=\"col-md-4 col-sm-6 col-xs-6 pt-cv-content-item pt-cv-1-col\" ><div class='pt-cv-ifield'><a href=\"https:\/\/losperiodistas.com.mx\/portal\/opinion-las-remesas-fortaleza-para-puebla-y-mexico\/\" class=\"_self pt-cv-href-thumbnail pt-cv-thumb-default\" target=\"_self\" ><img fetchpriority=\"high\" decoding=\"async\" width=\"300\" height=\"300\" src=\"https:\/\/losperiodistas.com.mx\/portal\/wp-content\/uploads\/2024\/04\/WhatsApp-Image-2023-07-27-at-16.30.41-1-300x300.jpeg\" class=\"pt-cv-thumbnail\" alt=\"\" srcset=\"https:\/\/losperiodistas.com.mx\/portal\/wp-content\/uploads\/2024\/04\/WhatsApp-Image-2023-07-27-at-16.30.41-1-300x300.jpeg 300w, https:\/\/losperiodistas.com.mx\/portal\/wp-content\/uploads\/2024\/04\/WhatsApp-Image-2023-07-27-at-16.30.41-1-150x150.jpeg 150w, https:\/\/losperiodistas.com.mx\/portal\/wp-content\/uploads\/2024\/04\/WhatsApp-Image-2023-07-27-at-16.30.41-1-768x770.jpeg 768w, https:\/\/losperiodistas.com.mx\/portal\/wp-content\/uploads\/2024\/04\/WhatsApp-Image-2023-07-27-at-16.30.41-1.jpeg 958w\" sizes=\"(max-width: 300px) 100vw, 300px\" \/><\/a>\n<h4 class=\"pt-cv-title\"><a href=\"https:\/\/losperiodistas.com.mx\/portal\/opinion-las-remesas-fortaleza-para-puebla-y-mexico\/\" class=\"_self\" target=\"_self\" >Opini\u00f3n | Las remesas,\u00a0fortaleza para\u00a0Puebla y M\u00e9xico<\/a><\/h4>\n<div class=\"pt-cv-content\">Por Fernando Manzanilla Prieto El 16 de junio de cada a\u00f1o se celebra el D\u00eda Internacional ...<br \/><div class=\"pt-cv-rmwrap\"><a href=\"https:\/\/losperiodistas.com.mx\/portal\/opinion-las-remesas-fortaleza-para-puebla-y-mexico\/\" class=\"_self pt-cv-readmore btn btn-success\" target=\"_self\">Leer M\u00e1s<\/a><\/div><\/div><\/div><\/div>\n<div class=\"col-md-4 col-sm-6 col-xs-6 pt-cv-content-item pt-cv-1-col\" ><div class='pt-cv-ifield'><a href=\"https:\/\/losperiodistas.com.mx\/portal\/opinion-mexico-y-su-primera-presidenta-de-la-republica\/\" class=\"_self pt-cv-href-thumbnail pt-cv-thumb-default\" target=\"_self\" ><img fetchpriority=\"high\" decoding=\"async\" width=\"300\" height=\"300\" src=\"https:\/\/losperiodistas.com.mx\/portal\/wp-content\/uploads\/2024\/04\/WhatsApp-Image-2023-07-27-at-16.30.41-1-300x300.jpeg\" class=\"pt-cv-thumbnail\" alt=\"\" srcset=\"https:\/\/losperiodistas.com.mx\/portal\/wp-content\/uploads\/2024\/04\/WhatsApp-Image-2023-07-27-at-16.30.41-1-300x300.jpeg 300w, https:\/\/losperiodistas.com.mx\/portal\/wp-content\/uploads\/2024\/04\/WhatsApp-Image-2023-07-27-at-16.30.41-1-150x150.jpeg 150w, https:\/\/losperiodistas.com.mx\/portal\/wp-content\/uploads\/2024\/04\/WhatsApp-Image-2023-07-27-at-16.30.41-1-768x770.jpeg 768w, https:\/\/losperiodistas.com.mx\/portal\/wp-content\/uploads\/2024\/04\/WhatsApp-Image-2023-07-27-at-16.30.41-1.jpeg 958w\" sizes=\"(max-width: 300px) 100vw, 300px\" \/><\/a>\n<h4 class=\"pt-cv-title\"><a href=\"https:\/\/losperiodistas.com.mx\/portal\/opinion-mexico-y-su-primera-presidenta-de-la-republica\/\" class=\"_self\" target=\"_self\" >Opini\u00f3n | M\u00e9xico y su primera presidenta de la Rep\u00fablica<\/a><\/h4>\n<div class=\"pt-cv-content\">Por Fernando Manzanilla Prieto En las pasadas elecciones presidenciales del 2 de junio, M\u00e9xico ha hecho ...<br \/><div class=\"pt-cv-rmwrap\"><a href=\"https:\/\/losperiodistas.com.mx\/portal\/opinion-mexico-y-su-primera-presidenta-de-la-republica\/\" class=\"_self pt-cv-readmore btn btn-success\" target=\"_self\">Leer M\u00e1s<\/a><\/div><\/div><\/div><\/div>\n<div class=\"col-md-4 col-sm-6 col-xs-6 pt-cv-content-item pt-cv-1-col\" ><div class='pt-cv-ifield'><a href=\"https:\/\/losperiodistas.com.mx\/portal\/opinion-una-obligada-reflexion-post-electoral\/\" class=\"_self pt-cv-href-thumbnail pt-cv-thumb-default\" target=\"_self\" ><img fetchpriority=\"high\" decoding=\"async\" width=\"300\" height=\"300\" src=\"https:\/\/losperiodistas.com.mx\/portal\/wp-content\/uploads\/2024\/04\/WhatsApp-Image-2023-07-27-at-16.30.41-1-300x300.jpeg\" class=\"pt-cv-thumbnail\" alt=\"\" srcset=\"https:\/\/losperiodistas.com.mx\/portal\/wp-content\/uploads\/2024\/04\/WhatsApp-Image-2023-07-27-at-16.30.41-1-300x300.jpeg 300w, https:\/\/losperiodistas.com.mx\/portal\/wp-content\/uploads\/2024\/04\/WhatsApp-Image-2023-07-27-at-16.30.41-1-150x150.jpeg 150w, https:\/\/losperiodistas.com.mx\/portal\/wp-content\/uploads\/2024\/04\/WhatsApp-Image-2023-07-27-at-16.30.41-1-768x770.jpeg 768w, https:\/\/losperiodistas.com.mx\/portal\/wp-content\/uploads\/2024\/04\/WhatsApp-Image-2023-07-27-at-16.30.41-1.jpeg 958w\" sizes=\"(max-width: 300px) 100vw, 300px\" \/><\/a>\n<h4 class=\"pt-cv-title\"><a href=\"https:\/\/losperiodistas.com.mx\/portal\/opinion-una-obligada-reflexion-post-electoral\/\" class=\"_self\" target=\"_self\" >Opini\u00f3n | Una obligada reflexi\u00f3n post electoral<\/a><\/h4>\n<div class=\"pt-cv-content\">Por Fernando Manzanilla Prieto \/ @Fer_Manzanilla Este fin de semana se llev\u00f3 a cabo un proceso ...<br \/><div class=\"pt-cv-rmwrap\"><a href=\"https:\/\/losperiodistas.com.mx\/portal\/opinion-una-obligada-reflexion-post-electoral\/\" class=\"_self pt-cv-readmore btn btn-success\" target=\"_self\">Leer M\u00e1s<\/a><\/div><\/div><\/div><\/div>\n<div class=\"col-md-4 col-sm-6 col-xs-6 pt-cv-content-item pt-cv-1-col\" ><div class='pt-cv-ifield'><a href=\"https:\/\/losperiodistas.com.mx\/portal\/opinion-puebla-frente-al-cambio-climatico\/\" class=\"_self pt-cv-href-thumbnail pt-cv-thumb-default\" target=\"_self\" ><img fetchpriority=\"high\" decoding=\"async\" width=\"300\" height=\"300\" src=\"https:\/\/losperiodistas.com.mx\/portal\/wp-content\/uploads\/2024\/04\/WhatsApp-Image-2023-07-27-at-16.30.41-1-300x300.jpeg\" class=\"pt-cv-thumbnail\" alt=\"\" srcset=\"https:\/\/losperiodistas.com.mx\/portal\/wp-content\/uploads\/2024\/04\/WhatsApp-Image-2023-07-27-at-16.30.41-1-300x300.jpeg 300w, https:\/\/losperiodistas.com.mx\/portal\/wp-content\/uploads\/2024\/04\/WhatsApp-Image-2023-07-27-at-16.30.41-1-150x150.jpeg 150w, https:\/\/losperiodistas.com.mx\/portal\/wp-content\/uploads\/2024\/04\/WhatsApp-Image-2023-07-27-at-16.30.41-1-768x770.jpeg 768w, https:\/\/losperiodistas.com.mx\/portal\/wp-content\/uploads\/2024\/04\/WhatsApp-Image-2023-07-27-at-16.30.41-1.jpeg 958w\" sizes=\"(max-width: 300px) 100vw, 300px\" \/><\/a>\n<h4 class=\"pt-cv-title\"><a href=\"https:\/\/losperiodistas.com.mx\/portal\/opinion-puebla-frente-al-cambio-climatico\/\" class=\"_self\" target=\"_self\" >Opini\u00f3n | Puebla frente al cambio clim\u00e1tico<\/a><\/h4>\n<div class=\"pt-cv-content\">Por Fernando Manzanilla Prieto El cambio clim\u00e1tico es una realidad ineludible que est\u00e1 transformando los patrones ...<br \/><div class=\"pt-cv-rmwrap\"><a href=\"https:\/\/losperiodistas.com.mx\/portal\/opinion-puebla-frente-al-cambio-climatico\/\" class=\"_self pt-cv-readmore btn btn-success\" target=\"_self\">Leer M\u00e1s<\/a><\/div><\/div><\/div><\/div>\n<div class=\"col-md-4 col-sm-6 col-xs-6 pt-cv-content-item pt-cv-1-col\" ><div class='pt-cv-ifield'><a href=\"https:\/\/losperiodistas.com.mx\/portal\/opinion-en-el-sotano\/\" class=\"_self pt-cv-href-thumbnail pt-cv-thumb-default\" target=\"_self\" ><img fetchpriority=\"high\" decoding=\"async\" width=\"300\" height=\"300\" src=\"https:\/\/losperiodistas.com.mx\/portal\/wp-content\/uploads\/2024\/04\/WhatsApp-Image-2023-07-27-at-16.30.41-1-300x300.jpeg\" class=\"pt-cv-thumbnail\" alt=\"\" srcset=\"https:\/\/losperiodistas.com.mx\/portal\/wp-content\/uploads\/2024\/04\/WhatsApp-Image-2023-07-27-at-16.30.41-1-300x300.jpeg 300w, https:\/\/losperiodistas.com.mx\/portal\/wp-content\/uploads\/2024\/04\/WhatsApp-Image-2023-07-27-at-16.30.41-1-150x150.jpeg 150w, https:\/\/losperiodistas.com.mx\/portal\/wp-content\/uploads\/2024\/04\/WhatsApp-Image-2023-07-27-at-16.30.41-1-768x770.jpeg 768w, https:\/\/losperiodistas.com.mx\/portal\/wp-content\/uploads\/2024\/04\/WhatsApp-Image-2023-07-27-at-16.30.41-1.jpeg 958w\" sizes=\"(max-width: 300px) 100vw, 300px\" \/><\/a>\n<h4 class=\"pt-cv-title\"><a href=\"https:\/\/losperiodistas.com.mx\/portal\/opinion-en-el-sotano\/\" class=\"_self\" target=\"_self\" >Opini\u00f3n | En el s\u00f3tano<\/a><\/h4>\n<div class=\"pt-cv-content\">Por Fernando Manzanilla Prieto La esperanza y el anhelo de ver a Puebla destacarse por sus ...<br \/><div class=\"pt-cv-rmwrap\"><a href=\"https:\/\/losperiodistas.com.mx\/portal\/opinion-en-el-sotano\/\" class=\"_self pt-cv-readmore btn btn-success\" target=\"_self\">Leer M\u00e1s<\/a><\/div><\/div><\/div><\/div>\n<div class=\"col-md-4 col-sm-6 col-xs-6 pt-cv-content-item pt-cv-1-col\" ><div class='pt-cv-ifield'><a href=\"https:\/\/losperiodistas.com.mx\/portal\/opinion-la-tecnologia-y-el-cambio-de-paradigma-en-el-trabajo\/\" class=\"_self pt-cv-href-thumbnail pt-cv-thumb-default\" target=\"_self\" ><img fetchpriority=\"high\" decoding=\"async\" width=\"300\" height=\"300\" src=\"https:\/\/losperiodistas.com.mx\/portal\/wp-content\/uploads\/2024\/04\/WhatsApp-Image-2023-07-27-at-16.30.41-1-300x300.jpeg\" class=\"pt-cv-thumbnail\" alt=\"\" srcset=\"https:\/\/losperiodistas.com.mx\/portal\/wp-content\/uploads\/2024\/04\/WhatsApp-Image-2023-07-27-at-16.30.41-1-300x300.jpeg 300w, https:\/\/losperiodistas.com.mx\/portal\/wp-content\/uploads\/2024\/04\/WhatsApp-Image-2023-07-27-at-16.30.41-1-150x150.jpeg 150w, https:\/\/losperiodistas.com.mx\/portal\/wp-content\/uploads\/2024\/04\/WhatsApp-Image-2023-07-27-at-16.30.41-1-768x770.jpeg 768w, https:\/\/losperiodistas.com.mx\/portal\/wp-content\/uploads\/2024\/04\/WhatsApp-Image-2023-07-27-at-16.30.41-1.jpeg 958w\" sizes=\"(max-width: 300px) 100vw, 300px\" \/><\/a>\n<h4 class=\"pt-cv-title\"><a href=\"https:\/\/losperiodistas.com.mx\/portal\/opinion-la-tecnologia-y-el-cambio-de-paradigma-en-el-trabajo\/\" class=\"_self\" target=\"_self\" >Opini\u00f3n | La tecnolog\u00eda y el cambio de paradigma en el trabajo<\/a><\/h4>\n<div class=\"pt-cv-content\">Por Fernando Manzanilla Prieto Desde hace m\u00e1s de tres d\u00e9cadas, el primer d\u00eda de mayo, se ...<br \/><div class=\"pt-cv-rmwrap\"><a href=\"https:\/\/losperiodistas.com.mx\/portal\/opinion-la-tecnologia-y-el-cambio-de-paradigma-en-el-trabajo\/\" class=\"_self pt-cv-readmore btn btn-success\" target=\"_self\">Leer M\u00e1s<\/a><\/div><\/div><\/div><\/div><\/div><\/div>\n<div class=\" pt-cv-pagination-wrapper\"><ul class=\"pt-cv-pagination pt-cv-ajax pagination\" data-totalpages=\"18\" data-currentpage=\"1\" data-sid=\"38f0107hmg\" data-unid=\"\" data-isblock=\"\" data-postid=\"\"><li class=\"active\"><a href=\"#\">1<\/a><\/li>\n\t<li ><a class=\"\" href=\"https:\/\/losperiodistas.com.mx\/portal\/wp-json\/wp\/v2\/pages\/5637\/?_page=2\">2<\/a><\/li>\n\t<li ><a class=\"\" href=\"https:\/\/losperiodistas.com.mx\/portal\/wp-json\/wp\/v2\/pages\/5637\/?_page=3\">3<\/a><\/li>\n\t<li ><a href=\"#\">&hellip;<\/a><\/li>\n\t<li ><a class=\"\" href=\"https:\/\/losperiodistas.com.mx\/portal\/wp-json\/wp\/v2\/pages\/5637\/?_page=18\">18<\/a><\/li>\n\t<li ><a class=\" \" href=\"https:\/\/losperiodistas.com.mx\/portal\/wp-json\/wp\/v2\/pages\/5637\/?_page=2\">&rsaquo;<\/a><\/li>\n\t<\/ul><img decoding=\"async\" width=\"15\" height=\"15\" class=\"pt-cv-spinner\" alt=\"Cargando...\" src=\"data:image\/gif;base64,R0lGODlhDwAPALMPAMrKygwMDJOTkz09PZWVla+vr3p6euTk5M7OzuXl5TMzMwAAAJmZmWZmZszMzP\/\/\/yH\/C05FVFNDQVBFMi4wAwEAAAAh+QQFCgAPACwAAAAADwAPAAAEQvDJaZaZOIcV8iQK8VRX4iTYoAwZ4iCYoAjZ4RxejhVNoT+mRGP4cyF4Pp0N98sBGIBMEMOotl6YZ3S61Bmbkm4mAgAh+QQFCgAPACwAAAAADQANAAAENPDJSRSZeA418itN8QiK8BiLITVsFiyBBIoYqnoewAD4xPw9iY4XLGYSjkQR4UAUD45DLwIAIfkEBQoADwAsAAAAAA8ACQAABC\/wyVlamTi3nSdgwFNdhEJgTJoNyoB9ISYoQmdjiZPcj7EYCAeCF1gEDo4Dz2eIAAAh+QQFCgAPACwCAAAADQANAAAEM\/DJBxiYeLKdX3IJZT1FU0iIg2RNKx3OkZVnZ98ToRD4MyiDnkAh6BkNC0MvsAj0kMpHBAAh+QQFCgAPACwGAAAACQAPAAAEMDC59KpFDll73HkAA2wVY5KgiK5b0RRoI6MuzG6EQqCDMlSGheEhUAgqgUUAFRySIgAh+QQFCgAPACwCAAIADQANAAAEM\/DJKZNLND\/kkKaHc3xk+QAMYDKsiaqmZCxGVjSFFCxB1vwy2oOgIDxuucxAMTAJFAJNBAAh+QQFCgAPACwAAAYADwAJAAAEMNAs86q1yaWwwv2Ig0jUZx3OYa4XoRAfwADXoAwfo1+CIjyFRuEho60aSNYlOPxEAAAh+QQFCgAPACwAAAIADQANAAAENPA9s4y8+IUVcqaWJ4qEQozSoAzoIyhCK2NFU2SJk0hNnyEOhKR2AzAAj4Pj4GE4W0bkJQIAOw==\" \/><div class=\"clear pt-cv-clear-pagination\"><\/div><\/div><\/div><\/div>\n\t\t\t\t\t\t<\/div>\n\t\t\t\t<\/div>\n\t\t\t\t\t<\/div>\n\t\t<\/div>\n\t\t\t\t\t<\/div>\n\t\t<\/section>\n\t\t\t\t<\/div>\n\t\t","protected":false},"excerpt":{"rendered":"<p>FERNANDO MANZANILLA<\/p>\n","protected":false},"author":1,"featured_media":0,"parent":0,"menu_order":0,"comment_status":"closed","ping_status":"closed","template":"elementor_header_footer","meta":{"site-sidebar-layout":"default","site-content-layout":"","ast-site-content-layout":"default","site-content-style":"default","site-sidebar-style":"default","ast-global-header-display":"","ast-banner-title-visibility":"","ast-main-header-display":"","ast-hfb-above-header-display":"","ast-hfb-below-header-display":"","ast-hfb-mobile-header-display":"","site-post-title":"","ast-breadcrumbs-content":"","ast-featured-img":"","footer-sml-layout":"","theme-transparent-header-meta":"","adv-header-id-meta":"","stick-header-meta":"","header-above-stick-meta":"","header-main-stick-meta":"","header-below-stick-meta":"","astra-migrate-meta-layouts":"default","ast-page-background-enabled":"default","ast-page-background-meta":{"desktop":{"background-color":"var(--ast-global-color-4)","background-image":"","background-repeat":"repeat","background-position":"center center","background-size":"auto","background-attachment":"scroll","background-type":"","background-media":"","overlay-type":"","overlay-color":"","overlay-opacity":"","overlay-gradient":""},"tablet":{"background-color":"","background-image":"","background-repeat":"repeat","background-position":"center center","background-size":"auto","background-attachment":"scroll","background-type":"","background-media":"","overlay-type":"","overlay-color":"","overlay-opacity":"","overlay-gradient":""},"mobile":{"background-color":"","background-image":"","background-repeat":"repeat","background-position":"center center","background-size":"auto","background-attachment":"scroll","background-type":"","background-media":"","overlay-type":"","overlay-color":"","overlay-opacity":"","overlay-gradient":""}},"ast-content-background-meta":{"desktop":{"background-color":"var(--ast-global-color-5)","background-image":"","background-repeat":"repeat","background-position":"center center","background-size":"auto","background-attachment":"scroll","background-type":"","background-media":"","overlay-type":"","overlay-color":"","overlay-opacity":"","overlay-gradient":""},"tablet":{"background-color":"var(--ast-global-color-5)","background-image":"","background-repeat":"repeat","background-position":"center center","background-size":"auto","background-attachment":"scroll","background-type":"","background-media":"","overlay-type":"","overlay-color":"","overlay-opacity":"","overlay-gradient":""},"mobile":{"background-color":"var(--ast-global-color-5)","background-image":"","background-repeat":"repeat","background-position":"center center","background-size":"auto","background-attachment":"scroll","background-type":"","background-media":"","overlay-type":"","overlay-color":"","overlay-opacity":"","overlay-gradient":""}},"footnotes":""},"class_list":["post-5637","page","type-page","status-publish","hentry"],"_links":{"self":[{"href":"https:\/\/losperiodistas.com.mx\/portal\/wp-json\/wp\/v2\/pages\/5637","targetHints":{"allow":["GET"]}}],"collection":[{"href":"https:\/\/losperiodistas.com.mx\/portal\/wp-json\/wp\/v2\/pages"}],"about":[{"href":"https:\/\/losperiodistas.com.mx\/portal\/wp-json\/wp\/v2\/types\/page"}],"author":[{"embeddable":true,"href":"https:\/\/losperiodistas.com.mx\/portal\/wp-json\/wp\/v2\/users\/1"}],"replies":[{"embeddable":true,"href":"https:\/\/losperiodistas.com.mx\/portal\/wp-json\/wp\/v2\/comments?post=5637"}],"version-history":[{"count":7,"href":"https:\/\/losperiodistas.com.mx\/portal\/wp-json\/wp\/v2\/pages\/5637\/revisions"}],"predecessor-version":[{"id":5649,"href":"https:\/\/losperiodistas.com.mx\/portal\/wp-json\/wp\/v2\/pages\/5637\/revisions\/5649"}],"wp:attachment":[{"href":"https:\/\/losperiodistas.com.mx\/portal\/wp-json\/wp\/v2\/media?parent=5637"}],"curies":[{"name":"wp","href":"https:\/\/api.w.org\/{rel}","templated":true}]}}