{"id":5603,"date":"2021-03-12T15:54:47","date_gmt":"2021-03-12T21:54:47","guid":{"rendered":"http:\/\/losperiodistas.com.mx\/portal\/?page_id=5603"},"modified":"2021-03-12T15:55:58","modified_gmt":"2021-03-12T21:55:58","slug":"opinion","status":"publish","type":"page","link":"https:\/\/losperiodistas.com.mx\/portal\/opinion\/","title":{"rendered":"OPINION"},"content":{"rendered":"\t\t<div data-elementor-type=\"wp-page\" data-elementor-id=\"5603\" class=\"elementor elementor-5603\">\n\t\t\t\t\t\t<section class=\"elementor-section elementor-top-section elementor-element elementor-element-68a4acb elementor-section-full_width elementor-section-height-default elementor-section-height-default\" data-id=\"68a4acb\" data-element_type=\"section\" data-settings=\"{&quot;background_background&quot;:&quot;classic&quot;}\">\n\t\t\t\t\t\t<div class=\"elementor-container elementor-column-gap-no\">\n\t\t\t\t\t<div class=\"elementor-column elementor-col-100 elementor-top-column elementor-element elementor-element-118e54f\" data-id=\"118e54f\" data-element_type=\"column\">\n\t\t\t<div class=\"elementor-widget-wrap elementor-element-populated\">\n\t\t\t\t\t\t<div class=\"elementor-element elementor-element-dec7214 elementor-widget elementor-widget-heading\" data-id=\"dec7214\" data-element_type=\"widget\" data-widget_type=\"heading.default\">\n\t\t\t\t<div class=\"elementor-widget-container\">\n\t\t\t\t\t<h2 class=\"elementor-heading-title elementor-size-default\">OPINI\u00d3N<\/h2>\t\t\t\t<\/div>\n\t\t\t\t<\/div>\n\t\t\t\t\t<\/div>\n\t\t<\/div>\n\t\t\t\t\t<\/div>\n\t\t<\/section>\n\t\t\t\t<section class=\"elementor-section elementor-top-section elementor-element elementor-element-3ce4118 elementor-section-boxed elementor-section-height-default elementor-section-height-default\" data-id=\"3ce4118\" data-element_type=\"section\">\n\t\t\t\t\t\t<div class=\"elementor-container elementor-column-gap-default\">\n\t\t\t\t\t<div class=\"elementor-column elementor-col-100 elementor-top-column elementor-element elementor-element-1cbf780\" data-id=\"1cbf780\" data-element_type=\"column\">\n\t\t\t<div class=\"elementor-widget-wrap elementor-element-populated\">\n\t\t\t\t\t\t<div class=\"elementor-element elementor-element-90d3d56 elementor-widget elementor-widget-shortcode\" data-id=\"90d3d56\" data-element_type=\"widget\" data-widget_type=\"shortcode.default\">\n\t\t\t\t<div class=\"elementor-widget-container\">\n\t\t\t\t\t\t\t<div class=\"elementor-shortcode\"><div class=\"pt-cv-wrapper\"><div class=\"pt-cv-view pt-cv-grid pt-cv-colsys\" id=\"pt-cv-view-df092cag4k\"><div data-id=\"pt-cv-page-1\" class=\"pt-cv-page\" data-cvc=\"3\"><div class=\"col-md-4 col-sm-6 col-xs-6 pt-cv-content-item pt-cv-1-col\" ><div class='pt-cv-ifield'><a href=\"https:\/\/losperiodistas.com.mx\/portal\/opinion-el-raro-traspaso-de-pozos-de-agua-en-puebla-capital\/\" class=\"_self pt-cv-href-thumbnail pt-cv-thumb-default\" target=\"_self\" ><img decoding=\"async\" width=\"300\" height=\"150\" src=\"https:\/\/losperiodistas.com.mx\/portal\/wp-content\/uploads\/2026\/04\/LOS-POZOS-DE-AGUA-EN-PUEBLA-CAPITAL-300x150.webp\" class=\"pt-cv-thumbnail\" alt=\"\" srcset=\"https:\/\/losperiodistas.com.mx\/portal\/wp-content\/uploads\/2026\/04\/LOS-POZOS-DE-AGUA-EN-PUEBLA-CAPITAL-300x150.webp 300w, https:\/\/losperiodistas.com.mx\/portal\/wp-content\/uploads\/2026\/04\/LOS-POZOS-DE-AGUA-EN-PUEBLA-CAPITAL-768x384.webp 768w, https:\/\/losperiodistas.com.mx\/portal\/wp-content\/uploads\/2026\/04\/LOS-POZOS-DE-AGUA-EN-PUEBLA-CAPITAL.webp 1024w\" sizes=\"(max-width: 300px) 100vw, 300px\" \/><\/a>\n<h4 class=\"pt-cv-title\"><a href=\"https:\/\/losperiodistas.com.mx\/portal\/opinion-el-raro-traspaso-de-pozos-de-agua-en-puebla-capital\/\" class=\"_self\" target=\"_self\" >Opini\u00f3n | El raro traspaso de pozos de agua en Puebla Capital<\/a><\/h4>\n<div class=\"pt-cv-content\">*Consideraciones del Abogado Atilio Alberto Peralta Pozos de Agua en Puebla Por Ra\u00fal Torres Salmer\u00f3n El ...<br \/><div class=\"pt-cv-rmwrap\"><a href=\"https:\/\/losperiodistas.com.mx\/portal\/opinion-el-raro-traspaso-de-pozos-de-agua-en-puebla-capital\/\" class=\"_self pt-cv-readmore btn btn-success\" target=\"_self\">Leer M\u00e1s<\/a><\/div><\/div><\/div><\/div>\n<div class=\"col-md-4 col-sm-6 col-xs-6 pt-cv-content-item pt-cv-1-col\" ><div class='pt-cv-ifield'><a href=\"https:\/\/losperiodistas.com.mx\/portal\/opinion-prohibiran-redes-sociales-para-los-adolescentes\/\" class=\"_self pt-cv-href-thumbnail pt-cv-thumb-default\" target=\"_self\" ><img fetchpriority=\"high\" decoding=\"async\" width=\"300\" height=\"180\" src=\"https:\/\/losperiodistas.com.mx\/portal\/wp-content\/uploads\/2026\/04\/REDES-SOCIALES-Y-ADOLESCENTES-300x180.jpeg\" class=\"pt-cv-thumbnail\" alt=\"\" srcset=\"https:\/\/losperiodistas.com.mx\/portal\/wp-content\/uploads\/2026\/04\/REDES-SOCIALES-Y-ADOLESCENTES-300x180.jpeg 300w, https:\/\/losperiodistas.com.mx\/portal\/wp-content\/uploads\/2026\/04\/REDES-SOCIALES-Y-ADOLESCENTES-768x461.jpeg 768w, https:\/\/losperiodistas.com.mx\/portal\/wp-content\/uploads\/2026\/04\/REDES-SOCIALES-Y-ADOLESCENTES.jpeg 1000w\" sizes=\"(max-width: 300px) 100vw, 300px\" \/><\/a>\n<h4 class=\"pt-cv-title\"><a href=\"https:\/\/losperiodistas.com.mx\/portal\/opinion-prohibiran-redes-sociales-para-los-adolescentes\/\" class=\"_self\" target=\"_self\" >Opini\u00f3n | Prohibir\u00e1n redes sociales para los adolescentes<\/a><\/h4>\n<div class=\"pt-cv-content\">*Quieren detener el deterioro de la salud mental y la adicci\u00f3n a pantallas Por Ra\u00fal Torres ...<br \/><div class=\"pt-cv-rmwrap\"><a href=\"https:\/\/losperiodistas.com.mx\/portal\/opinion-prohibiran-redes-sociales-para-los-adolescentes\/\" class=\"_self pt-cv-readmore btn btn-success\" target=\"_self\">Leer M\u00e1s<\/a><\/div><\/div><\/div><\/div>\n<div class=\"col-md-4 col-sm-6 col-xs-6 pt-cv-content-item pt-cv-1-col\" ><div class='pt-cv-ifield'><a href=\"https:\/\/losperiodistas.com.mx\/portal\/sin-limites-consejos-de-un-obispo-a-dirigentes-y-politicos\/\" class=\"_self pt-cv-href-thumbnail pt-cv-thumb-default\" target=\"_self\" ><img decoding=\"async\" width=\"300\" height=\"200\" src=\"https:\/\/losperiodistas.com.mx\/portal\/wp-content\/uploads\/2026\/04\/OBISPOS-Y-POLITICOS-300x200.webp\" class=\"pt-cv-thumbnail\" alt=\"\" srcset=\"https:\/\/losperiodistas.com.mx\/portal\/wp-content\/uploads\/2026\/04\/OBISPOS-Y-POLITICOS-300x200.webp 300w, https:\/\/losperiodistas.com.mx\/portal\/wp-content\/uploads\/2026\/04\/OBISPOS-Y-POLITICOS.webp 672w\" sizes=\"(max-width: 300px) 100vw, 300px\" \/><\/a>\n<h4 class=\"pt-cv-title\"><a href=\"https:\/\/losperiodistas.com.mx\/portal\/sin-limites-consejos-de-un-obispo-a-dirigentes-y-politicos\/\" class=\"_self\" target=\"_self\" >Sin L\u00edmites | Consejos de un Obispo a dirigentes y pol\u00edticos<\/a><\/h4>\n<div class=\"pt-cv-content\">Reflexiones de un Prelado Argentino a prop\u00f3sito de Semana Santa Consejos de un Obispo a dirigentes ...<br \/><div class=\"pt-cv-rmwrap\"><a href=\"https:\/\/losperiodistas.com.mx\/portal\/sin-limites-consejos-de-un-obispo-a-dirigentes-y-politicos\/\" class=\"_self pt-cv-readmore btn btn-success\" target=\"_self\">Leer M\u00e1s<\/a><\/div><\/div><\/div><\/div>\n<div class=\"col-md-4 col-sm-6 col-xs-6 pt-cv-content-item pt-cv-1-col\" ><div class='pt-cv-ifield'><a href=\"https:\/\/losperiodistas.com.mx\/portal\/opinion-la-impunidad-llega-al-92-por-ciento-en-puebla\/\" class=\"_self pt-cv-href-thumbnail pt-cv-thumb-default\" target=\"_self\" ><img loading=\"lazy\" decoding=\"async\" width=\"300\" height=\"204\" src=\"https:\/\/losperiodistas.com.mx\/portal\/wp-content\/uploads\/2026\/03\/REGIDORA-GEORGINA-RUIZ-TOLEDO-300x204.jpeg\" class=\"pt-cv-thumbnail\" alt=\"\" srcset=\"https:\/\/losperiodistas.com.mx\/portal\/wp-content\/uploads\/2026\/03\/REGIDORA-GEORGINA-RUIZ-TOLEDO-300x204.jpeg 300w, https:\/\/losperiodistas.com.mx\/portal\/wp-content\/uploads\/2026\/03\/REGIDORA-GEORGINA-RUIZ-TOLEDO-1024x697.jpeg 1024w, https:\/\/losperiodistas.com.mx\/portal\/wp-content\/uploads\/2026\/03\/REGIDORA-GEORGINA-RUIZ-TOLEDO-768x523.jpeg 768w, https:\/\/losperiodistas.com.mx\/portal\/wp-content\/uploads\/2026\/03\/REGIDORA-GEORGINA-RUIZ-TOLEDO-1536x1046.jpeg 1536w, https:\/\/losperiodistas.com.mx\/portal\/wp-content\/uploads\/2026\/03\/REGIDORA-GEORGINA-RUIZ-TOLEDO-2048x1394.jpeg 2048w\" sizes=\"(max-width: 300px) 100vw, 300px\" \/><\/a>\n<h4 class=\"pt-cv-title\"><a href=\"https:\/\/losperiodistas.com.mx\/portal\/opinion-la-impunidad-llega-al-92-por-ciento-en-puebla\/\" class=\"_self\" target=\"_self\" >Opini\u00f3n | La impunidad llega al 92 por ciento en Puebla<\/a><\/h4>\n<div class=\"pt-cv-content\">Seguridad equilibrada, el gran desaf\u00edo: Ruiz Toledo; regidoras poblanas Por Ra\u00fal Torres Salmer\u00f3n El desaf\u00edo para ...<br \/><div class=\"pt-cv-rmwrap\"><a href=\"https:\/\/losperiodistas.com.mx\/portal\/opinion-la-impunidad-llega-al-92-por-ciento-en-puebla\/\" class=\"_self pt-cv-readmore btn btn-success\" target=\"_self\">Leer M\u00e1s<\/a><\/div><\/div><\/div><\/div>\n<div class=\"col-md-4 col-sm-6 col-xs-6 pt-cv-content-item pt-cv-1-col\" ><div class='pt-cv-ifield'><a href=\"https:\/\/losperiodistas.com.mx\/portal\/opinion-la-agencia-internacional-de-energia-reacciona\/\" class=\"_self pt-cv-href-thumbnail pt-cv-thumb-default\" target=\"_self\" ><img loading=\"lazy\" decoding=\"async\" width=\"257\" height=\"300\" src=\"https:\/\/losperiodistas.com.mx\/portal\/wp-content\/uploads\/2026\/01\/Captura-de-pantalla-2026-01-17-a-las-9.17.56-257x300.png\" class=\"pt-cv-thumbnail\" alt=\"\" srcset=\"https:\/\/losperiodistas.com.mx\/portal\/wp-content\/uploads\/2026\/01\/Captura-de-pantalla-2026-01-17-a-las-9.17.56-257x300.png 257w, https:\/\/losperiodistas.com.mx\/portal\/wp-content\/uploads\/2026\/01\/Captura-de-pantalla-2026-01-17-a-las-9.17.56-878x1024.png 878w, https:\/\/losperiodistas.com.mx\/portal\/wp-content\/uploads\/2026\/01\/Captura-de-pantalla-2026-01-17-a-las-9.17.56-768x896.png 768w, https:\/\/losperiodistas.com.mx\/portal\/wp-content\/uploads\/2026\/01\/Captura-de-pantalla-2026-01-17-a-las-9.17.56.png 1096w\" sizes=\"(max-width: 257px) 100vw, 257px\" \/><\/a>\n<h4 class=\"pt-cv-title\"><a href=\"https:\/\/losperiodistas.com.mx\/portal\/opinion-la-agencia-internacional-de-energia-reacciona\/\" class=\"_self\" target=\"_self\" >Opini\u00f3n | La Agencia Internacional de Energ\u00eda reacciona<\/a><\/h4>\n<div class=\"pt-cv-content\">La medida opera como un importante comprador de tiempo, pero el mercado a\u00fan no compra la ...<br \/><div class=\"pt-cv-rmwrap\"><a href=\"https:\/\/losperiodistas.com.mx\/portal\/opinion-la-agencia-internacional-de-energia-reacciona\/\" class=\"_self pt-cv-readmore btn btn-success\" target=\"_self\">Leer M\u00e1s<\/a><\/div><\/div><\/div><\/div>\n<div class=\"col-md-4 col-sm-6 col-xs-6 pt-cv-content-item pt-cv-1-col\" ><div class='pt-cv-ifield'><a href=\"https:\/\/losperiodistas.com.mx\/portal\/lo-que-pasa-y-no-vemos\/\" class=\"_self pt-cv-href-thumbnail pt-cv-thumb-default\" target=\"_self\" ><img loading=\"lazy\" decoding=\"async\" width=\"300\" height=\"300\" src=\"https:\/\/losperiodistas.com.mx\/portal\/wp-content\/uploads\/2024\/04\/Fidencio-Aguilar-300x300.jpeg\" class=\"pt-cv-thumbnail\" alt=\"\" srcset=\"https:\/\/losperiodistas.com.mx\/portal\/wp-content\/uploads\/2024\/04\/Fidencio-Aguilar-300x300.jpeg 300w, https:\/\/losperiodistas.com.mx\/portal\/wp-content\/uploads\/2024\/04\/Fidencio-Aguilar-150x150.jpeg 150w, https:\/\/losperiodistas.com.mx\/portal\/wp-content\/uploads\/2024\/04\/Fidencio-Aguilar.jpeg 500w\" sizes=\"(max-width: 300px) 100vw, 300px\" \/><\/a>\n<h4 class=\"pt-cv-title\"><a href=\"https:\/\/losperiodistas.com.mx\/portal\/lo-que-pasa-y-no-vemos\/\" class=\"_self\" target=\"_self\" >Lo que pasa y no vemos<\/a><\/h4>\n<div class=\"pt-cv-content\">Lo que surge a partir de la derrota de la raz\u00f3n, o de su erosi\u00f3n, es ...<br \/><div class=\"pt-cv-rmwrap\"><a href=\"https:\/\/losperiodistas.com.mx\/portal\/lo-que-pasa-y-no-vemos\/\" class=\"_self pt-cv-readmore btn btn-success\" target=\"_self\">Leer M\u00e1s<\/a><\/div><\/div><\/div><\/div>\n<div class=\"col-md-4 col-sm-6 col-xs-6 pt-cv-content-item pt-cv-1-col\" ><div class='pt-cv-ifield'><a href=\"https:\/\/losperiodistas.com.mx\/portal\/opinion-investigacion-filtraciones-y-testimonios\/\" class=\"_self pt-cv-href-thumbnail pt-cv-thumb-default\" target=\"_self\" ><img loading=\"lazy\" decoding=\"async\" width=\"300\" height=\"200\" src=\"https:\/\/losperiodistas.com.mx\/portal\/wp-content\/uploads\/2026\/02\/InvestigacionFiltraciones-300x200.png\" class=\"pt-cv-thumbnail\" alt=\"\" srcset=\"https:\/\/losperiodistas.com.mx\/portal\/wp-content\/uploads\/2026\/02\/InvestigacionFiltraciones-300x200.png 300w, https:\/\/losperiodistas.com.mx\/portal\/wp-content\/uploads\/2026\/02\/InvestigacionFiltraciones-1024x683.png 1024w, https:\/\/losperiodistas.com.mx\/portal\/wp-content\/uploads\/2026\/02\/InvestigacionFiltraciones-768x512.png 768w, https:\/\/losperiodistas.com.mx\/portal\/wp-content\/uploads\/2026\/02\/InvestigacionFiltraciones.png 1536w\" sizes=\"(max-width: 300px) 100vw, 300px\" \/><\/a>\n<h4 class=\"pt-cv-title\"><a href=\"https:\/\/losperiodistas.com.mx\/portal\/opinion-investigacion-filtraciones-y-testimonios\/\" class=\"_self\" target=\"_self\" >Opini\u00f3n | Investigaci\u00f3n, filtraciones y testimonios<\/a><\/h4>\n<div class=\"pt-cv-content\">Investigaci\u00f3n, filtraciones y testimonios. Fuente IA Por: Humberto Aguilar Coronado La opacidad en el manejo de ...<br \/><div class=\"pt-cv-rmwrap\"><a href=\"https:\/\/losperiodistas.com.mx\/portal\/opinion-investigacion-filtraciones-y-testimonios\/\" class=\"_self pt-cv-readmore btn btn-success\" target=\"_self\">Leer M\u00e1s<\/a><\/div><\/div><\/div><\/div>\n<div class=\"col-md-4 col-sm-6 col-xs-6 pt-cv-content-item pt-cv-1-col\" ><div class='pt-cv-ifield'><a href=\"https:\/\/losperiodistas.com.mx\/portal\/opinion-es-mejor-que-la-4t-gobierne-y-no-la-derecha-aquiles-cordova\/\" class=\"_self pt-cv-href-thumbnail pt-cv-thumb-default\" target=\"_self\" ><img loading=\"lazy\" decoding=\"async\" width=\"300\" height=\"186\" src=\"https:\/\/losperiodistas.com.mx\/portal\/wp-content\/uploads\/2026\/02\/AQUILES-CODOVA-MORAN-300x186.webp\" class=\"pt-cv-thumbnail\" alt=\"\" srcset=\"https:\/\/losperiodistas.com.mx\/portal\/wp-content\/uploads\/2026\/02\/AQUILES-CODOVA-MORAN-300x186.webp 300w, https:\/\/losperiodistas.com.mx\/portal\/wp-content\/uploads\/2026\/02\/AQUILES-CODOVA-MORAN.webp 726w\" sizes=\"(max-width: 300px) 100vw, 300px\" \/><\/a>\n<h4 class=\"pt-cv-title\"><a href=\"https:\/\/losperiodistas.com.mx\/portal\/opinion-es-mejor-que-la-4t-gobierne-y-no-la-derecha-aquiles-cordova\/\" class=\"_self\" target=\"_self\" >Opini\u00f3n | Es mejor que la 4T gobierne y&#8230;no la derecha: Aquiles C\u00f3rdova<\/a><\/h4>\n<div class=\"pt-cv-content\">*Profundo an\u00e1lisis de la realidad mundial actual; el capitalismo, decadente Por Ra\u00fal Torres Salmer\u00f3n \/ Sin ...<br \/><div class=\"pt-cv-rmwrap\"><a href=\"https:\/\/losperiodistas.com.mx\/portal\/opinion-es-mejor-que-la-4t-gobierne-y-no-la-derecha-aquiles-cordova\/\" class=\"_self pt-cv-readmore btn btn-success\" target=\"_self\">Leer M\u00e1s<\/a><\/div><\/div><\/div><\/div>\n<div class=\"col-md-4 col-sm-6 col-xs-6 pt-cv-content-item pt-cv-1-col\" ><div class='pt-cv-ifield'><a href=\"https:\/\/losperiodistas.com.mx\/portal\/opinion-el-discurso-de-maria-corina-machado\/\" class=\"_self pt-cv-href-thumbnail pt-cv-thumb-default\" target=\"_self\" ><img loading=\"lazy\" decoding=\"async\" width=\"300\" height=\"117\" src=\"https:\/\/losperiodistas.com.mx\/portal\/wp-content\/uploads\/2024\/07\/Captura-de-Pantalla-2021-07-20-a-las-18.51.06-300x117.jpg\" class=\"pt-cv-thumbnail\" alt=\"\" srcset=\"https:\/\/losperiodistas.com.mx\/portal\/wp-content\/uploads\/2024\/07\/Captura-de-Pantalla-2021-07-20-a-las-18.51.06-300x117.jpg 300w, https:\/\/losperiodistas.com.mx\/portal\/wp-content\/uploads\/2024\/07\/Captura-de-Pantalla-2021-07-20-a-las-18.51.06.jpg 750w\" sizes=\"(max-width: 300px) 100vw, 300px\" \/><\/a>\n<h4 class=\"pt-cv-title\"><a href=\"https:\/\/losperiodistas.com.mx\/portal\/opinion-el-discurso-de-maria-corina-machado\/\" class=\"_self\" target=\"_self\" >Opini\u00f3n | El discurso de Mar\u00eda Corina Machado<\/a><\/h4>\n<div class=\"pt-cv-content\">Por Humberto Aguilar Coronado \/ Palabra de Tigre Iba a escribir sobre las similitudes que tiene ...<br \/><div class=\"pt-cv-rmwrap\"><a href=\"https:\/\/losperiodistas.com.mx\/portal\/opinion-el-discurso-de-maria-corina-machado\/\" class=\"_self pt-cv-readmore btn btn-success\" target=\"_self\">Leer M\u00e1s<\/a><\/div><\/div><\/div><\/div><\/div><\/div>\n<div class=\" pt-cv-pagination-wrapper\"><ul class=\"pt-cv-pagination pt-cv-ajax pagination\" data-totalpages=\"7\" data-currentpage=\"1\" data-sid=\"df092cag4k\" data-unid=\"\" data-isblock=\"\" data-postid=\"\"><li class=\"active\"><a href=\"#\">1<\/a><\/li>\n\t<li ><a class=\"\" href=\"https:\/\/losperiodistas.com.mx\/portal\/wp-json\/wp\/v2\/pages\/5603\/?_page=2\">2<\/a><\/li>\n\t<li ><a class=\"\" href=\"https:\/\/losperiodistas.com.mx\/portal\/wp-json\/wp\/v2\/pages\/5603\/?_page=3\">3<\/a><\/li>\n\t<li ><a href=\"#\">&hellip;<\/a><\/li>\n\t<li ><a class=\"\" href=\"https:\/\/losperiodistas.com.mx\/portal\/wp-json\/wp\/v2\/pages\/5603\/?_page=7\">7<\/a><\/li>\n\t<li ><a class=\" \" href=\"https:\/\/losperiodistas.com.mx\/portal\/wp-json\/wp\/v2\/pages\/5603\/?_page=2\">&rsaquo;<\/a><\/li>\n\t<\/ul><img loading=\"lazy\" decoding=\"async\" width=\"15\" height=\"15\" class=\"pt-cv-spinner\" alt=\"Cargando...\" src=\"data:image\/gif;base64,R0lGODlhDwAPALMPAMrKygwMDJOTkz09PZWVla+vr3p6euTk5M7OzuXl5TMzMwAAAJmZmWZmZszMzP\/\/\/yH\/C05FVFNDQVBFMi4wAwEAAAAh+QQFCgAPACwAAAAADwAPAAAEQvDJaZaZOIcV8iQK8VRX4iTYoAwZ4iCYoAjZ4RxejhVNoT+mRGP4cyF4Pp0N98sBGIBMEMOotl6YZ3S61Bmbkm4mAgAh+QQFCgAPACwAAAAADQANAAAENPDJSRSZeA418itN8QiK8BiLITVsFiyBBIoYqnoewAD4xPw9iY4XLGYSjkQR4UAUD45DLwIAIfkEBQoADwAsAAAAAA8ACQAABC\/wyVlamTi3nSdgwFNdhEJgTJoNyoB9ISYoQmdjiZPcj7EYCAeCF1gEDo4Dz2eIAAAh+QQFCgAPACwCAAAADQANAAAEM\/DJBxiYeLKdX3IJZT1FU0iIg2RNKx3OkZVnZ98ToRD4MyiDnkAh6BkNC0MvsAj0kMpHBAAh+QQFCgAPACwGAAAACQAPAAAEMDC59KpFDll73HkAA2wVY5KgiK5b0RRoI6MuzG6EQqCDMlSGheEhUAgqgUUAFRySIgAh+QQFCgAPACwCAAIADQANAAAEM\/DJKZNLND\/kkKaHc3xk+QAMYDKsiaqmZCxGVjSFFCxB1vwy2oOgIDxuucxAMTAJFAJNBAAh+QQFCgAPACwAAAYADwAJAAAEMNAs86q1yaWwwv2Ig0jUZx3OYa4XoRAfwADXoAwfo1+CIjyFRuEho60aSNYlOPxEAAAh+QQFCgAPACwAAAIADQANAAAENPA9s4y8+IUVcqaWJ4qEQozSoAzoIyhCK2NFU2SJk0hNnyEOhKR2AzAAj4Pj4GE4W0bkJQIAOw==\" \/><div class=\"clear pt-cv-clear-pagination\"><\/div><\/div><\/div><\/div>\n\t\t\t\t\t\t<\/div>\n\t\t\t\t<\/div>\n\t\t\t\t\t<\/div>\n\t\t<\/div>\n\t\t\t\t\t<\/div>\n\t\t<\/section>\n\t\t\t\t<\/div>\n\t\t","protected":false},"excerpt":{"rendered":"<p>OPINI\u00d3N<\/p>\n","protected":false},"author":1,"featured_media":0,"parent":0,"menu_order":0,"comment_status":"closed","ping_status":"closed","template":"elementor_header_footer","meta":{"site-sidebar-layout":"default","site-content-layout":"","ast-site-content-layout":"default","site-content-style":"default","site-sidebar-style":"default","ast-global-header-display":"","ast-banner-title-visibility":"","ast-main-header-display":"","ast-hfb-above-header-display":"","ast-hfb-below-header-display":"","ast-hfb-mobile-header-display":"","site-post-title":"","ast-breadcrumbs-content":"","ast-featured-img":"","footer-sml-layout":"","theme-transparent-header-meta":"","adv-header-id-meta":"","stick-header-meta":"","header-above-stick-meta":"","header-main-stick-meta":"","header-below-stick-meta":"","astra-migrate-meta-layouts":"default","ast-page-background-enabled":"default","ast-page-background-meta":{"desktop":{"background-color":"var(--ast-global-color-4)","background-image":"","background-repeat":"repeat","background-position":"center center","background-size":"auto","background-attachment":"scroll","background-type":"","background-media":"","overlay-type":"","overlay-color":"","overlay-opacity":"","overlay-gradient":""},"tablet":{"background-color":"","background-image":"","background-repeat":"repeat","background-position":"center center","background-size":"auto","background-attachment":"scroll","background-type":"","background-media":"","overlay-type":"","overlay-color":"","overlay-opacity":"","overlay-gradient":""},"mobile":{"background-color":"","background-image":"","background-repeat":"repeat","background-position":"center center","background-size":"auto","background-attachment":"scroll","background-type":"","background-media":"","overlay-type":"","overlay-color":"","overlay-opacity":"","overlay-gradient":""}},"ast-content-background-meta":{"desktop":{"background-color":"var(--ast-global-color-5)","background-image":"","background-repeat":"repeat","background-position":"center center","background-size":"auto","background-attachment":"scroll","background-type":"","background-media":"","overlay-type":"","overlay-color":"","overlay-opacity":"","overlay-gradient":""},"tablet":{"background-color":"var(--ast-global-color-5)","background-image":"","background-repeat":"repeat","background-position":"center center","background-size":"auto","background-attachment":"scroll","background-type":"","background-media":"","overlay-type":"","overlay-color":"","overlay-opacity":"","overlay-gradient":""},"mobile":{"background-color":"var(--ast-global-color-5)","background-image":"","background-repeat":"repeat","background-position":"center center","background-size":"auto","background-attachment":"scroll","background-type":"","background-media":"","overlay-type":"","overlay-color":"","overlay-opacity":"","overlay-gradient":""}},"footnotes":""},"class_list":["post-5603","page","type-page","status-publish","hentry"],"_links":{"self":[{"href":"https:\/\/losperiodistas.com.mx\/portal\/wp-json\/wp\/v2\/pages\/5603","targetHints":{"allow":["GET"]}}],"collection":[{"href":"https:\/\/losperiodistas.com.mx\/portal\/wp-json\/wp\/v2\/pages"}],"about":[{"href":"https:\/\/losperiodistas.com.mx\/portal\/wp-json\/wp\/v2\/types\/page"}],"author":[{"embeddable":true,"href":"https:\/\/losperiodistas.com.mx\/portal\/wp-json\/wp\/v2\/users\/1"}],"replies":[{"embeddable":true,"href":"https:\/\/losperiodistas.com.mx\/portal\/wp-json\/wp\/v2\/comments?post=5603"}],"version-history":[{"count":7,"href":"https:\/\/losperiodistas.com.mx\/portal\/wp-json\/wp\/v2\/pages\/5603\/revisions"}],"predecessor-version":[{"id":5614,"href":"https:\/\/losperiodistas.com.mx\/portal\/wp-json\/wp\/v2\/pages\/5603\/revisions\/5614"}],"wp:attachment":[{"href":"https:\/\/losperiodistas.com.mx\/portal\/wp-json\/wp\/v2\/media?parent=5603"}],"curies":[{"name":"wp","href":"https:\/\/api.w.org\/{rel}","templated":true}]}}